{"id":1512,"date":"2022-01-03T14:56:09","date_gmt":"2022-01-03T14:56:09","guid":{"rendered":"https:\/\/remmen-proktologie.ch\/?page_id=1512"},"modified":"2026-09-03T12:49:47","modified_gmt":"2026-09-03T12:49:47","slug":"dr-med-friederike-remmen-specialized-in-proctology","status":"publish","type":"page","link":"https:\/\/remmen-proktologie.ch\/en\/","title":{"rendered":"Dr. med. Friederike Remmen &#8211; specialized in proctology"},"content":{"rendered":"<div id='full_slider_1' class='avia-fullwidth-slider main_color avia-shadow avia-builder-el-0 el_before_av_layout_row avia-builder-el-first container_wrap sidebar_right' ><div class='avia-slideshow av-170zde-7cdc439c3abfaadf16e245d07403a320 avia-slideshow-featured av_slideshow_full avia-slide-slider av-slideshow-ui av-control-default av-slideshow-manual av-loop-once av-loop-manual-endless av-default-height-applied avia-slideshow-1' data-slideshow-options=\"{&quot;animation&quot;:&quot;slide&quot;,&quot;autoplay&quot;:false,&quot;loop_autoplay&quot;:&quot;once&quot;,&quot;interval&quot;:5,&quot;loop_manual&quot;:&quot;manual-endless&quot;,&quot;autoplay_stopper&quot;:false,&quot;noNavigation&quot;:false,&quot;bg_slider&quot;:false,&quot;keep_padding&quot;:false,&quot;hoverpause&quot;:false,&quot;show_slide_delay&quot;:0}\" itemprop=\"image\" itemscope=\"itemscope\" itemtype=\"https:\/\/schema.org\/ImageObject\" ><ul class='avia-slideshow-inner ' style='padding-bottom: 28.666666666667%;'><li class='avia-slideshow-slide av-170zde-7cdc439c3abfaadf16e245d07403a320__0 av-single-slide slide-1 slide-odd'><div data-rel='slideshow-1' class='avia-slide-wrap ' ><img decoding=\"async\" fetchpriority=\"high\" class=\"wp-image-1638 avia-img-lazy-loading-not-1638\" src=\"https:\/\/remmen-proktologie.ch\/wp-content\/uploads\/2021\/10\/Friederike-Remmen-Fachaerztin-Chirurgie-FMH-s-3-1500x430.jpg\" width=\"1500\" height=\"430\" title='Friederike-Remmen-Fachaerztin-Chirurgie-FMH-s-3' alt='' itemprop=\"thumbnailUrl\" \/><\/div><\/li><\/ul><\/div><\/div>\n<div id='av-layout-grid-1' class='av-layout-grid-container av-xp0gq-f47f26bac18e1a075cb668d1f8183b20 entry-content-wrapper main_color av-fixed-cells avia-builder-el-1 el_after_av_slideshow_full el_before_av_heading grid-row-not-first container_wrap sidebar_right' >\n\n<style type=\"text\/css\" data-created_by=\"avia_inline_auto\" id=\"style-css-av-ry3e2-c85c678a5de1a4d0b262301bcfd52348\">\n.flex_cell.av-ry3e2-c85c678a5de1a4d0b262301bcfd52348{\nvertical-align:top;\nbackground-color:#cfb45b;\n}\n.responsive #top #wrap_all .flex_cell.av-ry3e2-c85c678a5de1a4d0b262301bcfd52348{\npadding:2px 0px 0px 0px !important;\n}\n<\/style>\n<div class='flex_cell av-ry3e2-c85c678a5de1a4d0b262301bcfd52348 av-gridrow-cell av_one_half no_margin avia-builder-el-2 el_before_av_cell_one_half avia-builder-el-first content-align-top' ><div class='flex_cell_inner'><\/div><\/div>\n<style type=\"text\/css\" data-created_by=\"avia_inline_auto\" id=\"style-css-av-k6nz6-340c2833fd665545b745c3a067c0b89d\">\n.flex_cell.av-k6nz6-340c2833fd665545b745c3a067c0b89d{\nvertical-align:top;\nbackground-color:#cfb45b;\n}\n.responsive #top #wrap_all .flex_cell.av-k6nz6-340c2833fd665545b745c3a067c0b89d{\npadding:2px 0px 0px 0px !important;\n}\n<\/style>\n<div class='flex_cell av-k6nz6-340c2833fd665545b745c3a067c0b89d av-gridrow-cell av_one_half no_margin avia-builder-el-3 el_after_av_cell_one_half avia-builder-el-last content-align-top' ><div class='flex_cell_inner'><\/div><\/div>\n<\/div><div id='after_grid_row_1' class='main_color av_default_container_wrap container_wrap sidebar_right' style=' ' ><div class='container' ><div class='template-page content av-content-small alpha units'><div class='post-entry post-entry-type-page post-entry-1512'><div class='entry-content-wrapper clearfix'>\n\n<style type=\"text\/css\" data-created_by=\"avia_inline_auto\" id=\"style-css-av-kte5xbny-978de6be4386269596c66546f2b4f3d1\">\n#top .av-special-heading.av-kte5xbny-978de6be4386269596c66546f2b4f3d1{\npadding-bottom:10px;\n}\nbody .av-special-heading.av-kte5xbny-978de6be4386269596c66546f2b4f3d1 .av-special-heading-tag .heading-char{\nfont-size:25px;\n}\n.av-special-heading.av-kte5xbny-978de6be4386269596c66546f2b4f3d1 .av-subheading{\nfont-size:26px;\n}\n<\/style>\n<div id='92ed92ddc821a5bf9caf223c81b6fe74' class='av-special-heading av-kte5xbny-978de6be4386269596c66546f2b4f3d1 av-special-heading-h1 blockquote modern-quote modern-centered avia-builder-el-4 el_after_av_layout_row el_before_av_hr avia-builder-el-first '><h1 class='av-special-heading-tag ' itemprop=\"headline\" >Dr. med. Friederike Remmen <\/h1><div class='av-subheading av-subheading_below'><p>General Surgeon FMH<\/p>\n<\/div><div class=\"special-heading-border\"><div class=\"special-heading-inner-border\"><\/div><\/div><\/div>\n\n<style type=\"text\/css\" data-created_by=\"avia_inline_auto\" id=\"style-css-av-dg1eq-cc129fd10d0f2ceb898b599d2d4c40d5\">\n#top .hr.av-dg1eq-cc129fd10d0f2ceb898b599d2d4c40d5{\nmargin-top:30px;\nmargin-bottom:30px;\n}\n.hr.av-dg1eq-cc129fd10d0f2ceb898b599d2d4c40d5 .hr-inner{\nwidth:150px;\nborder-color:#cfb45b;\nmax-width:45%;\n}\n.hr.av-dg1eq-cc129fd10d0f2ceb898b599d2d4c40d5 .av-seperator-icon{\ncolor:#cfb45b;\n}\n.hr.av-dg1eq-cc129fd10d0f2ceb898b599d2d4c40d5 .av-seperator-icon.avia-svg-icon svg:first-child{\nfill:#cfb45b;\nstroke:#cfb45b;\n}\n<\/style>\n<div class='hr av-dg1eq-cc129fd10d0f2ceb898b599d2d4c40d5 hr-custom avia-builder-el-5 el_after_av_heading el_before_av_one_half hr-center hr-icon-yes'><span class='hr-inner inner-border-av-border-fat'><span class=\"hr-inner-style\"><\/span><\/span><span class='av-seperator-icon avia-iconfont avia-font-remmen-icon' data-av_icon='\ue804' data-av_iconfont='remmen-icon' ><\/span><span class='hr-inner inner-border-av-border-fat'><span class=\"hr-inner-style\"><\/span><\/span><\/div>\n\n<style type=\"text\/css\" data-created_by=\"avia_inline_auto\" id=\"style-css-av-f6pky-859d140598a80826bfee46687a8539c9\">\n.flex_column.av-f6pky-859d140598a80826bfee46687a8539c9{\nborder-radius:0px 0px 0px 0px;\npadding:0px 0px 0px 0px;\n}\n<\/style>\n<div class='flex_column av-f6pky-859d140598a80826bfee46687a8539c9 av_one_half avia-builder-el-6 el_after_av_hr el_before_av_one_half first flex_column_div av-zero-column-padding ' ><section class='av_textblock_section av-kte3tanl-5c73759798bb5e4787aaf44d8b77d389 ' itemscope=\"itemscope\" itemtype=\"https:\/\/schema.org\/CreativeWork\" ><div class='avia_textblock' itemprop=\"text\" ><p>Dear Patient,<\/p>\n<p>I welcome you to my office in the heart of Zurich city.<\/p>\n<p>Thanks to my many years of experience as a surgeon and a substantiated education in the area of rectum diseases I have specialized in the medical field of proctology.<\/p>\n<p>I am looking forward to consulting you competently, individually and in a quiet atmosphere about any questions and problems you may have.<\/p>\n<p>Besides the respectful and trustworthy relationship to my patients I emphasize on a close and constructive work relationship to my assigned colleagues to guarantee the best treatment for my patients.<\/p>\n<p>By continuously participating in courses at national and international congresses I offer you a superior treatment based on the latest medical and scientifical findings.<\/p>\n<p>As my patient you are the main focus of my medical practice.<\/p>\n<p>Your satisfaction is my motivation.<\/p>\n<p>Cordially,<\/p>\n<p>Friederike Remmen<\/p>\n<\/div><\/section><\/div>\n\n<style type=\"text\/css\" data-created_by=\"avia_inline_auto\" id=\"style-css-av-7d2oy-5a62771c930ab13da0a5f680eff8815a\">\n.flex_column.av-7d2oy-5a62771c930ab13da0a5f680eff8815a{\nborder-radius:0px 0px 0px 0px;\npadding:0px 0px 0px 0px;\n}\n<\/style>\n<div class='flex_column av-7d2oy-5a62771c930ab13da0a5f680eff8815a av_one_half avia-builder-el-8 el_after_av_one_half el_before_av_one_half flex_column_div av-zero-column-padding ' ><p>\n<style type=\"text\/css\" data-created_by=\"avia_inline_auto\" id=\"style-css-av-ku2e4v3y-6e475a0fdd487a95a146f37832a70b13\">\n#top .hr.hr-invisible.av-ku2e4v3y-6e475a0fdd487a95a146f37832a70b13{\nheight:30px;\n}\n<\/style>\n<div class='hr av-ku2e4v3y-6e475a0fdd487a95a146f37832a70b13 hr-invisible avia-builder-el-9 el_before_av_hr avia-builder-el-first '><span class='hr-inner '><span class=\"hr-inner-style\"><\/span><\/span><\/div><br \/>\n\n<style type=\"text\/css\" data-created_by=\"avia_inline_auto\" id=\"style-css-av-7zbma-5bd7cc8d69b62f2aa102fc432a24da0a\">\n#top .hr.hr-invisible.av-7zbma-5bd7cc8d69b62f2aa102fc432a24da0a{\nheight:30px;\n}\n<\/style>\n<div class='hr av-7zbma-5bd7cc8d69b62f2aa102fc432a24da0a hr-invisible avia-builder-el-10 el_after_av_hr el_before_av_image '><span class='hr-inner '><span class=\"hr-inner-style\"><\/span><\/span><\/div><br \/>\n\n<style type=\"text\/css\" data-created_by=\"avia_inline_auto\" id=\"style-css-av-ku2e3v5h-c0d22dc8de87e4d06a8acdbf2eca16a5\">\n.avia-image-container.av-ku2e3v5h-c0d22dc8de87e4d06a8acdbf2eca16a5 img.avia_image{\nbox-shadow:none;\n}\n.avia-image-container.av-ku2e3v5h-c0d22dc8de87e4d06a8acdbf2eca16a5 .av-image-caption-overlay-center{\ncolor:#ffffff;\n}\n<\/style>\n<div class='avia-image-container av-ku2e3v5h-c0d22dc8de87e4d06a8acdbf2eca16a5 av-styling- avia-align-center avia-builder-el-11 el_after_av_hr avia-builder-el-last ' itemprop=\"image\" itemscope=\"itemscope\" itemtype=\"https:\/\/schema.org\/ImageObject\" ><div class=\"avia-image-container-inner\"><div class=\"avia-image-overlay-wrap\"><img decoding=\"async\" fetchpriority=\"high\" class='wp-image-1515 avia-img-lazy-loading-not-1515 avia_image ' src=\"https:\/\/remmen-proktologie.ch\/wp-content\/uploads\/2021\/09\/Friederike-Remmen-Fachaerztin-Chirurgie-FMH-2.jpg\" alt='Dr. Friederike Remmen Fach\u00e4rztin Chirurgie FMH spezialisiert auf Proktologie Praxis f\u00fcr Enddarmerkrankungen Bild 2' title='Dr. Friederike Remmen - Fach\u00e4rztin Chirurgie FMH - spezialisiert auf Proktologie - Praxis f\u00fcr Enddarmerkrankungen - Bild 2' height=\"768\" width=\"1121\" itemprop=\"thumbnailUrl\" srcset=\"https:\/\/remmen-proktologie.ch\/wp-content\/uploads\/2021\/09\/Friederike-Remmen-Fachaerztin-Chirurgie-FMH-2.jpg 1121w, https:\/\/remmen-proktologie.ch\/wp-content\/uploads\/2021\/09\/Friederike-Remmen-Fachaerztin-Chirurgie-FMH-2-300x206.jpg 300w, https:\/\/remmen-proktologie.ch\/wp-content\/uploads\/2021\/09\/Friederike-Remmen-Fachaerztin-Chirurgie-FMH-2-1030x706.jpg 1030w, https:\/\/remmen-proktologie.ch\/wp-content\/uploads\/2021\/09\/Friederike-Remmen-Fachaerztin-Chirurgie-FMH-2-768x526.jpg 768w, https:\/\/remmen-proktologie.ch\/wp-content\/uploads\/2021\/09\/Friederike-Remmen-Fachaerztin-Chirurgie-FMH-2-705x483.jpg 705w\" sizes=\"(max-width: 1121px) 100vw, 1121px\" \/><\/div><\/div><\/div><\/p><\/div>\n\n<style type=\"text\/css\" data-created_by=\"avia_inline_auto\" id=\"style-css-av-av_one_half-395160d07b580f8fbc33411e83733bb5\">\n.flex_column.av-av_one_half-395160d07b580f8fbc33411e83733bb5{\nborder-radius:0px 0px 0px 0px;\npadding:0px 0px 0px 0px;\n}\n<\/style>\n<div class='flex_column av-av_one_half-395160d07b580f8fbc33411e83733bb5 av_one_half avia-builder-el-12 el_after_av_one_half el_before_av_one_half first flex_column_div av-zero-column-padding column-top-margin' ><section class='av_textblock_section av-mqkw1v04-278c73fc53d87fd904afa01256cedcef ' itemscope=\"itemscope\" itemtype=\"https:\/\/schema.org\/CreativeWork\" ><div class='avia_textblock' itemprop=\"text\" ><p>Dear Patients,<\/p>\n<p>We are pleased to welcome Dr. Piera Schreiber to our team starting July 1, 2026.<\/p>\n<p>Dr. Schreiber will be supporting us as an experienced proctologist and surgeon.<\/p>\n<p>With her many years of experience in treating proctological conditions and her empathetic and open manner, she is a great asset to our practice.<\/p>\n<p>We are confident that her sound expertise and motivation will make a significant contribution to the satisfaction and successful treatment of our patients.<\/p>\n<p>We look forward to working with her and wish her a great start!<\/p>\n<\/div><\/section><\/div>\n\n<style type=\"text\/css\" data-created_by=\"avia_inline_auto\" id=\"style-css-av-av_one_half-1a94522c69323aaaec9cba75e12ecbee\">\n.flex_column.av-av_one_half-1a94522c69323aaaec9cba75e12ecbee{\nborder-radius:0px 0px 0px 0px;\npadding:0px 0px 0px 0px;\n}\n<\/style>\n<div class='flex_column av-av_one_half-1a94522c69323aaaec9cba75e12ecbee av_one_half avia-builder-el-14 el_after_av_one_half avia-builder-el-last flex_column_div av-zero-column-padding column-top-margin' ><style type=\"text\/css\" data-created_by=\"avia_inline_auto\" id=\"style-css-av-mqkw2164-b2cd231eac60a9508e9a040c42df42a2\">\n.avia-image-container.av-mqkw2164-b2cd231eac60a9508e9a040c42df42a2 img.avia_image{\nbox-shadow:none;\n}\n.avia-image-container.av-mqkw2164-b2cd231eac60a9508e9a040c42df42a2 .av-image-caption-overlay-center{\ncolor:#ffffff;\n}\n<\/style>\n<div class='avia-image-container av-mqkw2164-b2cd231eac60a9508e9a040c42df42a2 av-styling- avia-align-center avia-builder-el-15 avia-builder-el-no-sibling ' itemprop=\"image\" itemscope=\"itemscope\" itemtype=\"https:\/\/schema.org\/ImageObject\" ><div class=\"avia-image-container-inner\"><div class=\"avia-image-overlay-wrap\"><img decoding=\"async\" fetchpriority=\"high\" class='wp-image-2575 avia-img-lazy-loading-not-2575 avia_image ' src=\"https:\/\/remmen-proktologie.ch\/wp-content\/uploads\/2026\/06\/remmen-proktologie-dr-piera-schreiber-1.jpg\" alt='remmen proktologie dr piera schreiber 1' title='remmen-proktologie-dr-piera-schreiber-1' height=\"723\" width=\"964\" itemprop=\"thumbnailUrl\" srcset=\"https:\/\/remmen-proktologie.ch\/wp-content\/uploads\/2026\/06\/remmen-proktologie-dr-piera-schreiber-1.jpg 964w, https:\/\/remmen-proktologie.ch\/wp-content\/uploads\/2026\/06\/remmen-proktologie-dr-piera-schreiber-1-300x225.jpg 300w, https:\/\/remmen-proktologie.ch\/wp-content\/uploads\/2026\/06\/remmen-proktologie-dr-piera-schreiber-1-768x576.jpg 768w, https:\/\/remmen-proktologie.ch\/wp-content\/uploads\/2026\/06\/remmen-proktologie-dr-piera-schreiber-1-705x529.jpg 705w\" sizes=\"(max-width: 964px) 100vw, 964px\" \/><\/div><\/div><\/div><\/div>\n","protected":false},"excerpt":{"rendered":"","protected":false},"author":3,"featured_media":1515,"parent":0,"menu_order":0,"comment_status":"closed","ping_status":"closed","template":"","meta":{"footnotes":""},"class_list":["post-1512","page","type-page","status-publish","has-post-thumbnail","hentry"],"yoast_head":"<!-- This site is optimized with the Yoast SEO plugin v28.3 - https:\/\/yoast.com\/product\/yoast-seo-wordpress\/ -->\n<title>Dr. med. Friederike Remmen - specialized in proctology - Office of rectal diseases- specialized in proctology<\/title>\n<meta name=\"description\" content=\"Specialist proctology practice in central Zurich. Dr. Friederike Remmen and Dr. Piera Schreiber provide experienced, personal care for rectal conditions.\" \/>\n<meta name=\"robots\" content=\"index, follow, max-snippet:-1, max-image-preview:large, max-video-preview:-1\" \/>\n<link rel=\"canonical\" href=\"https:\/\/remmen-proktologie.ch\/en\/\" \/>\n<meta property=\"og:locale\" content=\"en_US\" \/>\n<meta property=\"og:type\" content=\"article\" \/>\n<meta property=\"og:title\" content=\"Dr. med. Friederike Remmen - specialized in proctology - Office of rectal diseases- specialized in proctology\" \/>\n<meta property=\"og:description\" content=\"Specialist proctology practice in central Zurich. Dr. Friederike Remmen and Dr. Piera Schreiber provide experienced, personal care for rectal conditions.\" \/>\n<meta property=\"og:url\" content=\"https:\/\/remmen-proktologie.ch\/en\/\" \/>\n<meta property=\"og:site_name\" content=\"Office of rectal diseases- specialized in proctology\" \/>\n<meta property=\"article:modified_time\" content=\"2026-09-03T12:49:47+00:00\" \/>\n<meta property=\"og:image\" content=\"https:\/\/remmen-proktologie.ch\/wp-content\/uploads\/2021\/09\/Friederike-Remmen-Fachaerztin-Chirurgie-FMH-2.jpg\" \/>\n\t<meta property=\"og:image:width\" content=\"1121\" \/>\n\t<meta property=\"og:image:height\" content=\"768\" \/>\n\t<meta property=\"og:image:type\" content=\"image\/jpeg\" \/>\n<meta name=\"twitter:card\" content=\"summary_large_image\" \/>\n<meta name=\"twitter:label1\" content=\"Est. reading time\" \/>\n\t<meta name=\"twitter:data1\" content=\"2 minutes\" \/>\n<script type=\"application\/ld+json\" class=\"yoast-schema-graph\">{\"@context\":\"https:\\\/\\\/schema.org\",\"@graph\":[{\"@type\":\"WebPage\",\"@id\":\"https:\\\/\\\/remmen-proktologie.ch\\\/en\\\/\",\"url\":\"https:\\\/\\\/remmen-proktologie.ch\\\/en\\\/\",\"name\":\"Dr. med. Friederike Remmen - specialized in proctology - Office of rectal diseases- specialized in proctology\",\"isPartOf\":{\"@id\":\"https:\\\/\\\/remmen-proktologie.ch\\\/en\\\/#website\"},\"primaryImageOfPage\":{\"@id\":\"https:\\\/\\\/remmen-proktologie.ch\\\/en\\\/#primaryimage\"},\"image\":{\"@id\":\"https:\\\/\\\/remmen-proktologie.ch\\\/en\\\/#primaryimage\"},\"thumbnailUrl\":\"https:\\\/\\\/remmen-proktologie.ch\\\/wp-content\\\/uploads\\\/2021\\\/09\\\/Friederike-Remmen-Fachaerztin-Chirurgie-FMH-2.jpg\",\"datePublished\":\"2022-01-03T14:56:09+00:00\",\"dateModified\":\"2026-09-03T12:49:47+00:00\",\"description\":\"Specialist proctology practice in central Zurich. Dr. Friederike Remmen and Dr. Piera Schreiber provide experienced, personal care for rectal conditions.\",\"breadcrumb\":{\"@id\":\"https:\\\/\\\/remmen-proktologie.ch\\\/en\\\/#breadcrumb\"},\"inLanguage\":\"en-US\",\"potentialAction\":[{\"@type\":\"ReadAction\",\"target\":[\"https:\\\/\\\/remmen-proktologie.ch\\\/en\\\/\"]}]},{\"@type\":\"ImageObject\",\"inLanguage\":\"en-US\",\"@id\":\"https:\\\/\\\/remmen-proktologie.ch\\\/en\\\/#primaryimage\",\"url\":\"https:\\\/\\\/remmen-proktologie.ch\\\/wp-content\\\/uploads\\\/2021\\\/09\\\/Friederike-Remmen-Fachaerztin-Chirurgie-FMH-2.jpg\",\"contentUrl\":\"https:\\\/\\\/remmen-proktologie.ch\\\/wp-content\\\/uploads\\\/2021\\\/09\\\/Friederike-Remmen-Fachaerztin-Chirurgie-FMH-2.jpg\",\"width\":1121,\"height\":768},{\"@type\":\"BreadcrumbList\",\"@id\":\"https:\\\/\\\/remmen-proktologie.ch\\\/en\\\/#breadcrumb\",\"itemListElement\":[{\"@type\":\"ListItem\",\"position\":1,\"name\":\"Home\",\"item\":\"https:\\\/\\\/remmen-proktologie.ch\\\/en\\\/?lang=en\"},{\"@type\":\"ListItem\",\"position\":2,\"name\":\"Dr. med. Friederike Remmen &#8211; specialized in proctology\"}]},{\"@type\":\"WebSite\",\"@id\":\"https:\\\/\\\/remmen-proktologie.ch\\\/en\\\/#website\",\"url\":\"https:\\\/\\\/remmen-proktologie.ch\\\/en\\\/\",\"name\":\"Office of rectal diseases- specialized in proctology\",\"description\":\"Dr. med. Friederike Remmen - General Surgeon FMH\",\"potentialAction\":[{\"@type\":\"SearchAction\",\"target\":{\"@type\":\"EntryPoint\",\"urlTemplate\":\"https:\\\/\\\/remmen-proktologie.ch\\\/en\\\/?s={search_term_string}\"},\"query-input\":{\"@type\":\"PropertyValueSpecification\",\"valueRequired\":true,\"valueName\":\"search_term_string\"}}],\"inLanguage\":\"en-US\"}]}<\/script>\n<!-- \/ Yoast SEO plugin. -->","yoast_head_json":{"title":"Dr. med. Friederike Remmen - specialized in proctology - Office of rectal diseases- specialized in proctology","description":"Specialist proctology practice in central Zurich. Dr. Friederike Remmen and Dr. Piera Schreiber provide experienced, personal care for rectal conditions.","robots":{"index":"index","follow":"follow","max-snippet":"max-snippet:-1","max-image-preview":"max-image-preview:large","max-video-preview":"max-video-preview:-1"},"canonical":"https:\/\/remmen-proktologie.ch\/en\/","og_locale":"en_US","og_type":"article","og_title":"Dr. med. Friederike Remmen - specialized in proctology - Office of rectal diseases- specialized in proctology","og_description":"Specialist proctology practice in central Zurich. Dr. Friederike Remmen and Dr. Piera Schreiber provide experienced, personal care for rectal conditions.","og_url":"https:\/\/remmen-proktologie.ch\/en\/","og_site_name":"Office of rectal diseases- specialized in proctology","article_modified_time":"2026-09-03T12:49:47+00:00","og_image":[{"width":1121,"height":768,"url":"https:\/\/remmen-proktologie.ch\/wp-content\/uploads\/2021\/09\/Friederike-Remmen-Fachaerztin-Chirurgie-FMH-2.jpg","type":"image\/jpeg"}],"twitter_card":"summary_large_image","twitter_misc":{"Est. reading time":"2 minutes"},"schema":{"@context":"https:\/\/schema.org","@graph":[{"@type":"WebPage","@id":"https:\/\/remmen-proktologie.ch\/en\/","url":"https:\/\/remmen-proktologie.ch\/en\/","name":"Dr. med. Friederike Remmen - specialized in proctology - Office of rectal diseases- specialized in proctology","isPartOf":{"@id":"https:\/\/remmen-proktologie.ch\/en\/#website"},"primaryImageOfPage":{"@id":"https:\/\/remmen-proktologie.ch\/en\/#primaryimage"},"image":{"@id":"https:\/\/remmen-proktologie.ch\/en\/#primaryimage"},"thumbnailUrl":"https:\/\/remmen-proktologie.ch\/wp-content\/uploads\/2021\/09\/Friederike-Remmen-Fachaerztin-Chirurgie-FMH-2.jpg","datePublished":"2022-01-03T14:56:09+00:00","dateModified":"2026-09-03T12:49:47+00:00","description":"Specialist proctology practice in central Zurich. Dr. Friederike Remmen and Dr. Piera Schreiber provide experienced, personal care for rectal conditions.","breadcrumb":{"@id":"https:\/\/remmen-proktologie.ch\/en\/#breadcrumb"},"inLanguage":"en-US","potentialAction":[{"@type":"ReadAction","target":["https:\/\/remmen-proktologie.ch\/en\/"]}]},{"@type":"ImageObject","inLanguage":"en-US","@id":"https:\/\/remmen-proktologie.ch\/en\/#primaryimage","url":"https:\/\/remmen-proktologie.ch\/wp-content\/uploads\/2021\/09\/Friederike-Remmen-Fachaerztin-Chirurgie-FMH-2.jpg","contentUrl":"https:\/\/remmen-proktologie.ch\/wp-content\/uploads\/2021\/09\/Friederike-Remmen-Fachaerztin-Chirurgie-FMH-2.jpg","width":1121,"height":768},{"@type":"BreadcrumbList","@id":"https:\/\/remmen-proktologie.ch\/en\/#breadcrumb","itemListElement":[{"@type":"ListItem","position":1,"name":"Home","item":"https:\/\/remmen-proktologie.ch\/en\/?lang=en"},{"@type":"ListItem","position":2,"name":"Dr. med. Friederike Remmen &#8211; specialized in proctology"}]},{"@type":"WebSite","@id":"https:\/\/remmen-proktologie.ch\/en\/#website","url":"https:\/\/remmen-proktologie.ch\/en\/","name":"Office of rectal diseases- specialized in proctology","description":"Dr. med. Friederike Remmen - General Surgeon FMH","potentialAction":[{"@type":"SearchAction","target":{"@type":"EntryPoint","urlTemplate":"https:\/\/remmen-proktologie.ch\/en\/?s={search_term_string}"},"query-input":{"@type":"PropertyValueSpecification","valueRequired":true,"valueName":"search_term_string"}}],"inLanguage":"en-US"}]}},"_links":{"self":[{"href":"https:\/\/remmen-proktologie.ch\/en\/wp-json\/wp\/v2\/pages\/1512","targetHints":{"allow":["GET"]}}],"collection":[{"href":"https:\/\/remmen-proktologie.ch\/en\/wp-json\/wp\/v2\/pages"}],"about":[{"href":"https:\/\/remmen-proktologie.ch\/en\/wp-json\/wp\/v2\/types\/page"}],"author":[{"embeddable":true,"href":"https:\/\/remmen-proktologie.ch\/en\/wp-json\/wp\/v2\/users\/3"}],"replies":[{"embeddable":true,"href":"https:\/\/remmen-proktologie.ch\/en\/wp-json\/wp\/v2\/comments?post=1512"}],"version-history":[{"count":10,"href":"https:\/\/remmen-proktologie.ch\/en\/wp-json\/wp\/v2\/pages\/1512\/revisions"}],"predecessor-version":[{"id":2687,"href":"https:\/\/remmen-proktologie.ch\/en\/wp-json\/wp\/v2\/pages\/1512\/revisions\/2687"}],"wp:featuredmedia":[{"embeddable":true,"href":"https:\/\/remmen-proktologie.ch\/en\/wp-json\/wp\/v2\/media\/1515"}],"wp:attachment":[{"href":"https:\/\/remmen-proktologie.ch\/en\/wp-json\/wp\/v2\/media?parent=1512"}],"curies":[{"name":"wp","href":"https:\/\/api.w.org\/{rel}","templated":true}]}}